{"id":85,"date":"2019-03-29T21:20:55","date_gmt":"2019-03-29T21:20:55","guid":{"rendered":"https:\/\/shop.a1records.de\/neu\/?post_type=product&#038;p=85"},"modified":"2020-12-06T12:46:42","modified_gmt":"2020-12-06T12:46:42","slug":"speak-low-cd","status":"publish","type":"product","link":"https:\/\/shop.a1records.de\/en\/product\/speak-low-cd\/","title":{"rendered":"Joyce van de Pol &#8211; Speak Low &#8211; CD"},"content":{"rendered":"<p><span style=\"font-family: Helvetica Neue, serif\"><span style=\"font-size: medium\">Joyce van de Pol machte sich in erster Linie als Interpretin von Pop-, R&amp;B- und Soultiteln einen Namen und tourte mit verschiedenen Projekten durch die Republik und das benachbarte Ausland. Unter anderem mit der australischen Gitarren-Legende Tommy Emmanuel und Sting-Gitarrist Dominic Miller. Des Weiteren arbeitete sie regelm\u00e4\u00dfig als Backgrounds\u00e4ngerin f\u00fcr K\u00fcnstler unterschiedlicher Stilistik \u2013 wie zum Beispiel Cassandra Steen und Yvonne Catterfeld (Echo-Verleihung). <\/span><\/span><\/p>\n<p><span style=\"font-family: Helvetica Neue, serif\"><span style=\"font-size: medium\">Mit <\/span><\/span><span style=\"font-family: Helvetica Neue, serif\"><span style=\"font-size: medium\"><i>Speak Low<\/i><\/span><\/span><span style=\"font-family: Helvetica Neue, serif\"><span style=\"font-size: medium\"> ver\u00f6ffentlicht die K\u00fcnstlerin mit indonesischen und tschech-schen Wurzeln ihr erstes Jazzalbum unter eigenem Namen. Die diplomierte Jazzs\u00e4ngerin (Folkwang Universit\u00e4t der K\u00fcnste, Essen) pr\u00e4sentiert auf ihrer CD 11 Titel im Spannungsfeld zwischen Jazz und Pop. <\/span><\/span><\/p>\n<p><span style=\"font-family: Helvetica Neue, serif\"><span style=\"font-size: medium\">Die Kurt Weill-Komposition <\/span><\/span><span style=\"font-family: Helvetica Neue, serif\"><span style=\"font-size: medium\"><i>Speak Low<\/i><\/span><\/span><span style=\"font-family: Helvetica Neue, serif\"><span style=\"font-size: medium\"> steht f\u00fcr die stilistische Konzeption dieses Albums: ruhige Atmosph\u00e4ren und ein Spektrum unterschiedlicher Farben und Stimmungen auf der Basis relaxter Grooves. Durch ihre mit einem unnachahmlichen Timbre ausgestattete Stimme sowie einem sicherem Gesp\u00fcr f\u00fcr eine entspannte Phrasierung verleiht Joyce van de Pol Songs von George Harrison (<\/span><\/span><span style=\"font-family: Helvetica Neue, serif\"><span style=\"font-size: medium\"><i>While<\/i><\/span><\/span> <span style=\"font-family: Helvetica Neue, serif\"><span style=\"font-size: medium\"><i>my guitar gently wheeps<\/i><\/span><\/span><span style=\"font-family: Helvetica Neue, serif\"><span style=\"font-size: medium\">), James Taylor (<\/span><\/span><span style=\"font-family: Helvetica Neue, serif\"><span style=\"font-size: medium\"><i>How sweet it is<\/i><\/span><\/span><span style=\"font-family: Helvetica Neue, serif\"><span style=\"font-size: medium\">) oder dem Chaka Khan-Hit aus den 1990er Jahren <\/span><\/span><span style=\"font-family: Helvetica Neue, serif\"><span style=\"font-size: medium\"><i>Through the fire <\/i><\/span><\/span><span style=\"font-family: Helvetica Neue, serif\"><span style=\"font-size: medium\">eine ganz eigene Farbe und Tiefe. Interpretationen aus dem American Song Book, wie der Horace Silver Klassiker <\/span><\/span><span style=\"font-family: Helvetica Neue, serif\"><span style=\"font-size: medium\"><i>Nicas dream<\/i><\/span><\/span><span style=\"font-family: Helvetica Neue, serif\"><span style=\"font-size: medium\"> oder die etwas in Vergessenheit geratene gro\u00dfartige Ballade <\/span><\/span><span style=\"font-family: Helvetica Neue, serif\"><span style=\"font-size: medium\"><i>Detour Ahead<\/i><\/span><\/span><span style=\"font-family: Helvetica Neue, serif\"><span style=\"font-size: medium\"> kommen, neu arrangiert und reharmonisiert, mit \u00fcberzeugender Frische und Eigenst\u00e4ndigkeit daher. Abgerundet wird die Produktion durch <\/span><\/span><span style=\"font-family: Helvetica Neue, serif\"><span style=\"font-size: medium\"><i>At last<\/i><\/span><\/span><span style=\"font-family: Helvetica Neue, serif\"><span style=\"font-size: medium\">, einen Song aus dem Bereich Blues\/Soul, den Etta James 1961 weltweit bekannt machte, sowie <\/span><\/span><span style=\"font-family: Helvetica Neue, serif\"><span style=\"font-size: medium\"><i>Love dance<\/i><\/span><\/span><span style=\"font-family: Helvetica Neue, serif\"><span style=\"font-size: medium\">, eine Komposition des brasilianischen Musikers Ivan Lins und die Eigenkomposition <\/span><\/span><span style=\"font-family: Helvetica Neue, serif\"><span style=\"font-size: medium\"><i>It`s about time<\/i><\/span><\/span><span style=\"font-family: Helvetica Neue, serif\"><span style=\"font-size: medium\">. Schlagzeuger<\/span><\/span><i> <\/i><span style=\"font-family: Helvetica Neue, serif\"><span style=\"font-size: medium\">Andr\u00e9 Spaji\u0107, entwickelt zusammen mit Walfried B\u00f6cker am Kontrabass und Felipe &#8222;Mandingo&#8220; Rengifo an den Percussion unterschiedliche Grooves, die den St\u00fccken stets einen stilspezifischen entspannten Flow geben, der nie aufdringlich wirkt. <\/span><\/span><\/p>\n<p><span style=\"font-family: Helvetica Neue, serif\"><span style=\"font-size: medium\">Andr\u00e9 Spaji\u0107, Schlagzeuger mit kroatischen Wurzeln, wurde fr\u00fch gepr\u00e4gt von Vater Ivan Spaji\u0107, <\/span><\/span><span style=\"font-family: Helvetica Neue, serif\"><span style=\"font-size: medium\">ebenfalls Schlagzeuger. Er wuchs in Deutschland auf und studierte Jazzschlagzeug in Maastricht in den Niederlanden. Spaji\u0107 arbeitet unter anderem mit der S\u00e4ngerin Sabine K\u00fchlich, dem Gitarristen Joscho Stephan oder dem Pianisten Martin Sasse zusammen.<\/span><\/span><\/p>\n<p><span style=\"font-family: Helvetica Neue, serif\"><span style=\"font-size: medium\">Der Bassist Walfried B\u00f6cker arbeitete in seiner Karriere mit zahlreichen K\u00fcnstlern der internationalen Jazzszene zusammen, darunter Klaus Doldinger, Eddie Harris, Omer Klein, Tony Lakatos und Wolfgang Engstfeld. Neben seiner Arbeit als Jazzbassist ist er seit vielen Jahren erfolgreicher Musikproduzent unter anderem f\u00fcr Daisy Dee, Gil Ofarim, Weather Girls, Jermain Jackson (Baywatch), Magna Canta oder Declan. Zahlreiche Goldene Schallplatten erhielt er u. a. mit Daisy Dee, Gil Ofarim und Declen.<\/span><\/span><\/p>\n<p><span style=\"font-family: Helvetica Neue, serif\"><span style=\"font-size: medium\">Die Arrangements der Produktion stammen von Pianist Thomas Hufschmidt. Er arbeitete mit vielen Musikern unterschiedlicher Stilistik zusammen, darunter Carla Bley, Albert Mangelsdorff, Steve Swallow, Jan Akkerman, Ack van Royen oder Sydney Youngblood. Des Weiteren realisierte er gro\u00df-formatige Projekte unter anderem mit Kenny Wheeler, David Friedman, Norma Winstone oder Nguy\u00ean L\u00ea. Daneben schrieb Hufschmidt regelm\u00e4\u00dfig Kompositionen und Arrangements f\u00fcr internationale Film- und Fernseh-produktionen. Der ARD-Zweiteiler Der Leibw\u00e4chter (mit Franz Xaver Kroetz) gewann den Adolf-Grimme-Preis. Die amerikanische CBS-Serie <\/span><\/span><span style=\"font-family: Helvetica Neue, serif\"><span style=\"font-size: medium\"><i>The Defenders<\/i><\/span><\/span><span style=\"font-family: Helvetica Neue, serif\"><span style=\"font-size: medium\"> (mit Jim Belushi) griff in zwei Folgen auf seine Komposition <\/span><\/span><span style=\"font-family: Helvetica Neue, serif\"><span style=\"font-size: medium\"><i>Pr\u00e9lude<\/i><\/span><\/span><span style=\"font-family: Helvetica Neue, serif\"><span style=\"font-size: medium\"> zur\u00fcck.<\/span><\/span><\/p>","protected":false},"excerpt":{"rendered":"<p>Joyce van de Pol machte sich in erster Linie als Interpretin von Pop-, R&amp;B- und Soultiteln einen Namen und tourte mit verschiedenen Projekten durch die Republik und das benachbarte Ausland. Unter anderem mit der australischen Gitarren-Legende Tommy Emmanuel und Sting-Gitarrist Dominic Miller. Des Weiteren arbeitete sie regelm\u00e4\u00dfig als Backgrounds\u00e4ngerin f\u00fcr K\u00fcnstler unterschiedlicher Stilistik \u2013 wie &hellip; <\/p>\n<p class=\"link-more\"><a href=\"https:\/\/shop.a1records.de\/en\/product\/speak-low-cd\/\" class=\"more-link\">Continue reading<span class=\"screen-reader-text\"> &#8222;Joyce van de Pol &#8211; Speak Low &#8211; CD&#8220;<\/span><\/a><\/p>","protected":false},"featured_media":86,"comment_status":"closed","ping_status":"closed","template":"","meta":[],"product_brand":[],"product_cat":[16,42],"product_tag":[],"class_list":{"0":"post-85","1":"product","2":"type-product","3":"status-publish","4":"has-post-thumbnail","6":"product_cat-cd","7":"product_cat-joyce-van-de-pol","8":"product_shipping_class-cds","10":"first","11":"instock","12":"taxable","13":"shipping-taxable","14":"purchasable","15":"product-type-simple"},"yoast_head":"<!-- This site is optimized with the Yoast SEO plugin v23.7 - https:\/\/yoast.com\/wordpress\/plugins\/seo\/ -->\n<title>Joyce van de Pol - Speak Low - CD - A1 Records-Shop<\/title>\n<meta name=\"robots\" content=\"index, follow, max-snippet:-1, max-image-preview:large, max-video-preview:-1\" \/>\n<link rel=\"canonical\" href=\"https:\/\/shop.a1records.de\/en\/product\/speak-low-cd\/\" \/>\n<meta property=\"og:locale\" content=\"en_GB\" \/>\n<meta property=\"og:type\" content=\"article\" \/>\n<meta property=\"og:title\" content=\"Joyce van de Pol - Speak Low - CD - A1 Records-Shop\" \/>\n<meta property=\"og:description\" content=\"Joyce van de Pol machte sich in erster Linie als Interpretin von Pop-, R&amp;B- und Soultiteln einen Namen und tourte mit verschiedenen Projekten durch die Republik und das benachbarte Ausland. Unter anderem mit der australischen Gitarren-Legende Tommy Emmanuel und Sting-Gitarrist Dominic Miller. Des Weiteren arbeitete sie regelm\u00e4\u00dfig als Backgrounds\u00e4ngerin f\u00fcr K\u00fcnstler unterschiedlicher Stilistik \u2013 wie &hellip; Continue reading &quot;Joyce van de Pol &#8211; Speak Low &#8211; CD&quot;\" \/>\n<meta property=\"og:url\" content=\"https:\/\/shop.a1records.de\/en\/product\/speak-low-cd\/\" \/>\n<meta property=\"og:site_name\" content=\"A1 Records-Shop\" \/>\n<meta property=\"article:modified_time\" content=\"2020-12-06T12:46:42+00:00\" \/>\n<meta property=\"og:image\" content=\"https:\/\/shop.a1records.de\/wp-content\/uploads\/2019\/03\/jpycevandepol.jpeg\" \/>\n\t<meta property=\"og:image:width\" content=\"500\" \/>\n\t<meta property=\"og:image:height\" content=\"448\" \/>\n\t<meta property=\"og:image:type\" content=\"image\/jpeg\" \/>\n<meta name=\"twitter:card\" content=\"summary_large_image\" \/>\n<meta name=\"twitter:label1\" content=\"Estimated reading time\" \/>\n\t<meta name=\"twitter:data1\" content=\"3 minutes\" \/>\n<script type=\"application\/ld+json\" class=\"yoast-schema-graph\">{\"@context\":\"https:\/\/schema.org\",\"@graph\":[{\"@type\":\"WebPage\",\"@id\":\"https:\/\/shop.a1records.de\/produkt\/speak-low-cd\/\",\"url\":\"https:\/\/shop.a1records.de\/produkt\/speak-low-cd\/\",\"name\":\"Joyce van de Pol - Speak Low - CD - A1 Records-Shop\",\"isPartOf\":{\"@id\":\"https:\/\/shop.a1records.de\/en\/#website\"},\"primaryImageOfPage\":{\"@id\":\"https:\/\/shop.a1records.de\/produkt\/speak-low-cd\/#primaryimage\"},\"image\":{\"@id\":\"https:\/\/shop.a1records.de\/produkt\/speak-low-cd\/#primaryimage\"},\"thumbnailUrl\":\"https:\/\/shop.a1records.de\/wp-content\/uploads\/2019\/03\/jpycevandepol.jpeg\",\"datePublished\":\"2019-03-29T21:20:55+00:00\",\"dateModified\":\"2020-12-06T12:46:42+00:00\",\"breadcrumb\":{\"@id\":\"https:\/\/shop.a1records.de\/produkt\/speak-low-cd\/#breadcrumb\"},\"inLanguage\":\"en-GB\",\"potentialAction\":[{\"@type\":\"ReadAction\",\"target\":[\"https:\/\/shop.a1records.de\/produkt\/speak-low-cd\/\"]}]},{\"@type\":\"ImageObject\",\"inLanguage\":\"en-GB\",\"@id\":\"https:\/\/shop.a1records.de\/produkt\/speak-low-cd\/#primaryimage\",\"url\":\"https:\/\/shop.a1records.de\/wp-content\/uploads\/2019\/03\/jpycevandepol.jpeg\",\"contentUrl\":\"https:\/\/shop.a1records.de\/wp-content\/uploads\/2019\/03\/jpycevandepol.jpeg\",\"width\":500,\"height\":448},{\"@type\":\"BreadcrumbList\",\"@id\":\"https:\/\/shop.a1records.de\/produkt\/speak-low-cd\/#breadcrumb\",\"itemListElement\":[{\"@type\":\"ListItem\",\"position\":1,\"name\":\"Home\",\"item\":\"https:\/\/shop.a1records.de\/en\/\"},{\"@type\":\"ListItem\",\"position\":2,\"name\":\"Shop\",\"item\":\"https:\/\/shop.a1records.de\/en\/\"},{\"@type\":\"ListItem\",\"position\":3,\"name\":\"Joyce van de Pol &#8211; Speak Low &#8211; CD\"}]},{\"@type\":\"WebSite\",\"@id\":\"https:\/\/shop.a1records.de\/en\/#website\",\"url\":\"https:\/\/shop.a1records.de\/en\/\",\"name\":\"A1 Records-Shop\",\"description\":\"\",\"potentialAction\":[{\"@type\":\"SearchAction\",\"target\":{\"@type\":\"EntryPoint\",\"urlTemplate\":\"https:\/\/shop.a1records.de\/en\/?s={search_term_string}\"},\"query-input\":{\"@type\":\"PropertyValueSpecification\",\"valueRequired\":true,\"valueName\":\"search_term_string\"}}],\"inLanguage\":\"en-GB\"}]}<\/script>\n<!-- \/ Yoast SEO plugin. -->","yoast_head_json":{"title":"Joyce van de Pol - Speak Low - CD - A1 Records-Shop","robots":{"index":"index","follow":"follow","max-snippet":"max-snippet:-1","max-image-preview":"max-image-preview:large","max-video-preview":"max-video-preview:-1"},"canonical":"https:\/\/shop.a1records.de\/en\/product\/speak-low-cd\/","og_locale":"en_GB","og_type":"article","og_title":"Joyce van de Pol - Speak Low - CD - A1 Records-Shop","og_description":"Joyce van de Pol machte sich in erster Linie als Interpretin von Pop-, R&amp;B- und Soultiteln einen Namen und tourte mit verschiedenen Projekten durch die Republik und das benachbarte Ausland. Unter anderem mit der australischen Gitarren-Legende Tommy Emmanuel und Sting-Gitarrist Dominic Miller. Des Weiteren arbeitete sie regelm\u00e4\u00dfig als Backgrounds\u00e4ngerin f\u00fcr K\u00fcnstler unterschiedlicher Stilistik \u2013 wie &hellip; Continue reading \"Joyce van de Pol &#8211; Speak Low &#8211; CD\"","og_url":"https:\/\/shop.a1records.de\/en\/product\/speak-low-cd\/","og_site_name":"A1 Records-Shop","article_modified_time":"2020-12-06T12:46:42+00:00","og_image":[{"width":500,"height":448,"url":"https:\/\/shop.a1records.de\/wp-content\/uploads\/2019\/03\/jpycevandepol.jpeg","type":"image\/jpeg"}],"twitter_card":"summary_large_image","twitter_misc":{"Estimated reading time":"3 minutes"},"schema":{"@context":"https:\/\/schema.org","@graph":[{"@type":"WebPage","@id":"https:\/\/shop.a1records.de\/produkt\/speak-low-cd\/","url":"https:\/\/shop.a1records.de\/produkt\/speak-low-cd\/","name":"Joyce van de Pol - Speak Low - CD - A1 Records-Shop","isPartOf":{"@id":"https:\/\/shop.a1records.de\/en\/#website"},"primaryImageOfPage":{"@id":"https:\/\/shop.a1records.de\/produkt\/speak-low-cd\/#primaryimage"},"image":{"@id":"https:\/\/shop.a1records.de\/produkt\/speak-low-cd\/#primaryimage"},"thumbnailUrl":"https:\/\/shop.a1records.de\/wp-content\/uploads\/2019\/03\/jpycevandepol.jpeg","datePublished":"2019-03-29T21:20:55+00:00","dateModified":"2020-12-06T12:46:42+00:00","breadcrumb":{"@id":"https:\/\/shop.a1records.de\/produkt\/speak-low-cd\/#breadcrumb"},"inLanguage":"en-GB","potentialAction":[{"@type":"ReadAction","target":["https:\/\/shop.a1records.de\/produkt\/speak-low-cd\/"]}]},{"@type":"ImageObject","inLanguage":"en-GB","@id":"https:\/\/shop.a1records.de\/produkt\/speak-low-cd\/#primaryimage","url":"https:\/\/shop.a1records.de\/wp-content\/uploads\/2019\/03\/jpycevandepol.jpeg","contentUrl":"https:\/\/shop.a1records.de\/wp-content\/uploads\/2019\/03\/jpycevandepol.jpeg","width":500,"height":448},{"@type":"BreadcrumbList","@id":"https:\/\/shop.a1records.de\/produkt\/speak-low-cd\/#breadcrumb","itemListElement":[{"@type":"ListItem","position":1,"name":"Home","item":"https:\/\/shop.a1records.de\/en\/"},{"@type":"ListItem","position":2,"name":"Shop","item":"https:\/\/shop.a1records.de\/en\/"},{"@type":"ListItem","position":3,"name":"Joyce van de Pol &#8211; Speak Low &#8211; CD"}]},{"@type":"WebSite","@id":"https:\/\/shop.a1records.de\/en\/#website","url":"https:\/\/shop.a1records.de\/en\/","name":"A1 Records-Shop","description":"","potentialAction":[{"@type":"SearchAction","target":{"@type":"EntryPoint","urlTemplate":"https:\/\/shop.a1records.de\/en\/?s={search_term_string}"},"query-input":{"@type":"PropertyValueSpecification","valueRequired":true,"valueName":"search_term_string"}}],"inLanguage":"en-GB"}]}},"_links":{"self":[{"href":"https:\/\/shop.a1records.de\/en\/wp-json\/wp\/v2\/product\/85"}],"collection":[{"href":"https:\/\/shop.a1records.de\/en\/wp-json\/wp\/v2\/product"}],"about":[{"href":"https:\/\/shop.a1records.de\/en\/wp-json\/wp\/v2\/types\/product"}],"replies":[{"embeddable":true,"href":"https:\/\/shop.a1records.de\/en\/wp-json\/wp\/v2\/comments?post=85"}],"wp:featuredmedia":[{"embeddable":true,"href":"https:\/\/shop.a1records.de\/en\/wp-json\/wp\/v2\/media\/86"}],"wp:attachment":[{"href":"https:\/\/shop.a1records.de\/en\/wp-json\/wp\/v2\/media?parent=85"}],"wp:term":[{"taxonomy":"product_brand","embeddable":true,"href":"https:\/\/shop.a1records.de\/en\/wp-json\/wp\/v2\/product_brand?post=85"},{"taxonomy":"product_cat","embeddable":true,"href":"https:\/\/shop.a1records.de\/en\/wp-json\/wp\/v2\/product_cat?post=85"},{"taxonomy":"product_tag","embeddable":true,"href":"https:\/\/shop.a1records.de\/en\/wp-json\/wp\/v2\/product_tag?post=85"}],"curies":[{"name":"wp","href":"https:\/\/api.w.org\/{rel}","templated":true}]}}